{"id":1129,"date":"2025-11-03T09:47:39","date_gmt":"2025-11-03T08:47:39","guid":{"rendered":"https:\/\/www.sachsen.schule\/~gsg\/?page_id=1129"},"modified":"2025-11-14T12:19:40","modified_gmt":"2025-11-14T11:19:40","slug":"kinderparlament","status":"publish","type":"page","link":"https:\/\/www.sachsen.schule\/~gsg\/kinderparlament\/","title":{"rendered":"Kinderparlament"},"content":{"rendered":"\t\t<div data-elementor-type=\"wp-page\" data-elementor-id=\"1129\" class=\"elementor elementor-1129\">\n\t\t\t\t\t\t<section class=\"elementor-section elementor-top-section elementor-element elementor-element-13c4766a elementor-section-boxed elementor-section-height-default elementor-section-height-default elementor-invisible\" data-id=\"13c4766a\" data-element_type=\"section\" data-settings=\"{&quot;background_background&quot;:&quot;classic&quot;,&quot;animation&quot;:&quot;fadeInUp&quot;}\">\n\t\t\t\t\t\t\t<div class=\"elementor-background-overlay\"><\/div>\n\t\t\t\t\t\t\t<div class=\"elementor-container elementor-column-gap-default\">\n\t\t\t\t\t<div class=\"elementor-column elementor-col-100 elementor-top-column elementor-element elementor-element-07e509c\" data-id=\"07e509c\" data-element_type=\"column\">\n\t\t\t<div class=\"elementor-widget-wrap elementor-element-populated\">\n\t\t\t\t\t\t<div class=\"elementor-element elementor-element-8d2ee56 elementor-widget__width-initial elementor-widget elementor-widget-image\" data-id=\"8d2ee56\" data-element_type=\"widget\" data-widget_type=\"image.default\">\n\t\t\t\t<div class=\"elementor-widget-container\">\n\t\t\t\t\t\t\t\t\t\t\t\t\t\t\t<img fetchpriority=\"high\" decoding=\"async\" width=\"800\" height=\"480\" src=\"https:\/\/www.sachsen.schule\/~gsg\/wp-content\/uploads\/2025\/10\/Logo_1_150x90_900-1024x614.png\" class=\"attachment-large size-large wp-image-1136\" alt=\"\" srcset=\"https:\/\/www.sachsen.schule\/~gsg\/wp-content\/uploads\/2025\/10\/Logo_1_150x90_900-1024x614.png 1024w, https:\/\/www.sachsen.schule\/~gsg\/wp-content\/uploads\/2025\/10\/Logo_1_150x90_900-300x180.png 300w, https:\/\/www.sachsen.schule\/~gsg\/wp-content\/uploads\/2025\/10\/Logo_1_150x90_900-768x460.png 768w, https:\/\/www.sachsen.schule\/~gsg\/wp-content\/uploads\/2025\/10\/Logo_1_150x90_900-1536x920.png 1536w, https:\/\/www.sachsen.schule\/~gsg\/wp-content\/uploads\/2025\/10\/Logo_1_150x90_900-2048x1227.png 2048w\" sizes=\"(max-width: 800px) 100vw, 800px\" \/>\t\t\t\t\t\t\t\t\t\t\t\t\t\t\t<\/div>\n\t\t\t\t<\/div>\n\t\t\t\t\t<\/div>\n\t\t<\/div>\n\t\t\t\t\t<\/div>\n\t\t<\/section>\n\t\t<div class=\"elementor-element elementor-element-0c5117c e-flex e-con-boxed e-con e-parent\" data-id=\"0c5117c\" data-element_type=\"container\">\n\t\t\t\t\t<div class=\"e-con-inner\">\n\t\t\t\t\t<\/div>\n\t\t\t\t<\/div>\n\t\t\t\t<section class=\"elementor-section elementor-top-section elementor-element elementor-element-496a391d elementor-section-boxed elementor-section-height-default elementor-section-height-default\" data-id=\"496a391d\" data-element_type=\"section\">\n\t\t\t\t\t\t<div class=\"elementor-container elementor-column-gap-default\">\n\t\t\t\t\t<div class=\"elementor-column elementor-col-25 elementor-top-column elementor-element elementor-element-72fd0df7 elementor-invisible\" data-id=\"72fd0df7\" data-element_type=\"column\" data-settings=\"{&quot;animation&quot;:&quot;fadeInUp&quot;,&quot;animation_delay&quot;:100}\">\n\t\t\t<div class=\"elementor-widget-wrap elementor-element-populated\">\n\t\t\t\t\t\t<div class=\"elementor-element elementor-element-1014c0dd elementor-widget elementor-widget-elementskit-team\" data-id=\"1014c0dd\" data-element_type=\"widget\" data-widget_type=\"elementskit-team.default\">\n\t\t\t\t<div class=\"elementor-widget-container\">\n\t\t\t\t\t<div class=\"ekit-wid-con\">\n\t\t\t\t\t\t\t\t\t\t\t\t\t\t\t\t\t\t\t\t\t\t\t\t<div class=\"profile-image-card elementor-animation- ekit-team-img ekit-team-style-overlay text-center\">\n\n\t\t\t\t\t\t\t\t\t\t\t\t\t<img decoding=\"async\" width=\"1174\" height=\"1943\" src=\"https:\/\/www.sachsen.schule\/~gsg\/wp-content\/uploads\/2025\/10\/Das_K.png\" class=\"attachment-full size-full wp-image-1134\" alt=\"\" srcset=\"https:\/\/www.sachsen.schule\/~gsg\/wp-content\/uploads\/2025\/10\/Das_K.png 1174w, https:\/\/www.sachsen.schule\/~gsg\/wp-content\/uploads\/2025\/10\/Das_K-181x300.png 181w, https:\/\/www.sachsen.schule\/~gsg\/wp-content\/uploads\/2025\/10\/Das_K-619x1024.png 619w, https:\/\/www.sachsen.schule\/~gsg\/wp-content\/uploads\/2025\/10\/Das_K-768x1271.png 768w, https:\/\/www.sachsen.schule\/~gsg\/wp-content\/uploads\/2025\/10\/Das_K-928x1536.png 928w\" sizes=\"(max-width: 1174px) 100vw, 1174px\" \/>\t\t\t\t\t\t\t\t\t\t\t\t<div class=\"hover-area\">\n\t\t\t\t\t\t\t<div class=\"profile-body\">\n\t\t\t\t\t\t\t\t<h2 class=\"profile-title\">\n\t\t\t\t\t\t\t\t\t\t\t\t\t\t\t\t\tWas bedeutet KiPa? KiPa hei\u00dft Kinderparlament. Ki f\u00fcr Kinder und Pa f\u00fcr Parlament. Was ist das KiPa? Also jedes Jahr nach den Winterferien wird eine Wahl an unserer Schule veranstaltet. Man kann sich zur Wahl stellen, dann werden die Besten genommen. Wenn man genommen wurde, dann spricht man \u00fcber die Probleme, die die Kinder aus der Schule haben.\t\t\t\t\t\t\t\t\t\t\t\t\t\t\t\t<\/h2>\n\t\t\t\t\t\t\t\t<p class=\"profile-designation\"><\/p>\n\t\t\t\t\t\t\t\t\t\t\t\t\t\t\t<\/div>\n\t\t\t\t\t\t\t\t\t\t\t\t\t<\/div>\n\t\t\t\t\t<\/div>\n\t\t\t\t\t\n\t\t\t\t\n\t\t\t\t<\/div>\t\t\t\t<\/div>\n\t\t\t\t<\/div>\n\t\t\t\t\t<\/div>\n\t\t<\/div>\n\t\t\t\t<div class=\"elementor-column elementor-col-25 elementor-top-column elementor-element elementor-element-37b54653 elementor-invisible\" data-id=\"37b54653\" data-element_type=\"column\" data-settings=\"{&quot;animation&quot;:&quot;fadeInUp&quot;,&quot;animation_delay&quot;:300}\">\n\t\t\t<div class=\"elementor-widget-wrap elementor-element-populated\">\n\t\t\t\t\t\t<div class=\"elementor-element elementor-element-4963c0a3 elementor-widget__width-initial elementor-widget elementor-widget-elementskit-team\" data-id=\"4963c0a3\" data-element_type=\"widget\" data-widget_type=\"elementskit-team.default\">\n\t\t\t\t<div class=\"elementor-widget-container\">\n\t\t\t\t\t<div class=\"ekit-wid-con\">\n\t\t\t\t\t\t\t\t\t\t\t\t\t\t\t\t\t\t\t\t\t\t\t\t<div class=\"profile-image-card elementor-animation- ekit-team-img ekit-team-style-overlay text-center\">\n\n\t\t\t\t\t\t\t\t\t\t\t\t\t<img decoding=\"async\" width=\"741\" height=\"1992\" src=\"https:\/\/www.sachsen.schule\/~gsg\/wp-content\/uploads\/2025\/10\/Das_I.png\" class=\"attachment-full size-full wp-image-1133\" alt=\"\" srcset=\"https:\/\/www.sachsen.schule\/~gsg\/wp-content\/uploads\/2025\/10\/Das_I.png 741w, https:\/\/www.sachsen.schule\/~gsg\/wp-content\/uploads\/2025\/10\/Das_I-112x300.png 112w, https:\/\/www.sachsen.schule\/~gsg\/wp-content\/uploads\/2025\/10\/Das_I-381x1024.png 381w, https:\/\/www.sachsen.schule\/~gsg\/wp-content\/uploads\/2025\/10\/Das_I-571x1536.png 571w\" sizes=\"(max-width: 741px) 100vw, 741px\" \/>\t\t\t\t\t\t\t\t\t\t\t\t<div class=\"hover-area\">\n\t\t\t\t\t\t\t<div class=\"profile-body\">\n\t\t\t\t\t\t\t\t<h2 class=\"profile-title\">\n\t\t\t\t\t\t\t\t\t\t\t\t\t\t\t\t\tWir sind: Eine Gruppe, die die Schule ins Gleichgewicht bringt, zwischen Lehrer + Erzieher + Kinder\t\t\t\t\t\t\t\t\t\t\t\t\t\t\t\t<\/h2>\n\t\t\t\t\t\t\t\t<p class=\"profile-designation\"><\/p>\n\t\t\t\t\t\t\t\t\t\t\t\t\t\t\t<\/div>\n\t\t\t\t\t\t\t\t\t\t\t\t\t<\/div>\n\t\t\t\t\t<\/div>\n\t\t\t\t\t\n\t\t\t\t\n\t\t\t\t<\/div>\t\t\t\t<\/div>\n\t\t\t\t<\/div>\n\t\t\t\t\t<\/div>\n\t\t<\/div>\n\t\t\t\t<div class=\"elementor-column elementor-col-25 elementor-top-column elementor-element elementor-element-a5a1dab elementor-invisible\" data-id=\"a5a1dab\" data-element_type=\"column\" data-settings=\"{&quot;animation&quot;:&quot;fadeInUp&quot;,&quot;animation_delay&quot;:300}\">\n\t\t\t<div class=\"elementor-widget-wrap elementor-element-populated\">\n\t\t\t\t\t\t<div class=\"elementor-element elementor-element-f578537 elementor-widget elementor-widget-elementskit-team\" data-id=\"f578537\" data-element_type=\"widget\" data-widget_type=\"elementskit-team.default\">\n\t\t\t\t<div class=\"elementor-widget-container\">\n\t\t\t\t\t<div class=\"ekit-wid-con\">\n\t\t\t\t\t\t\t\t\t\t\t\t\t\t\t\t\t\t\t\t\t\t\t\t<div class=\"profile-image-card elementor-animation- ekit-team-img ekit-team-style-overlay text-center\">\n\n\t\t\t\t\t\t\t\t\t\t\t\t\t<img loading=\"lazy\" decoding=\"async\" width=\"1165\" height=\"2004\" src=\"https:\/\/www.sachsen.schule\/~gsg\/wp-content\/uploads\/2025\/10\/Das_P.png\" class=\"attachment-full size-full wp-image-1135\" alt=\"\" srcset=\"https:\/\/www.sachsen.schule\/~gsg\/wp-content\/uploads\/2025\/10\/Das_P.png 1165w, https:\/\/www.sachsen.schule\/~gsg\/wp-content\/uploads\/2025\/10\/Das_P-174x300.png 174w, https:\/\/www.sachsen.schule\/~gsg\/wp-content\/uploads\/2025\/10\/Das_P-595x1024.png 595w, https:\/\/www.sachsen.schule\/~gsg\/wp-content\/uploads\/2025\/10\/Das_P-768x1321.png 768w, https:\/\/www.sachsen.schule\/~gsg\/wp-content\/uploads\/2025\/10\/Das_P-893x1536.png 893w\" sizes=\"(max-width: 1165px) 100vw, 1165px\" \/>\t\t\t\t\t\t\t\t\t\t\t\t<div class=\"hover-area\">\n\t\t\t\t\t\t\t<div class=\"profile-body\">\n\t\t\t\t\t\t\t\t<h2 class=\"profile-title\">\n\t\t\t\t\t\t\t\t\t\t\t\t\t\t\t\t\t Hallo Leipzig, wir sind das Kinderparlament der Johanna Magdalena Beyer Schule in Lindenau.\t\t\t\t\t\t\t\t\t\t\t\t\t\t\t\t<\/h2>\n\t\t\t\t\t\t\t\t<p class=\"profile-designation\"><\/p>\n\t\t\t\t\t\t\t\t\t\t\t\t\t\t\t<\/div>\n\t\t\t\t\t\t\t\t\t\t\t\t\t<\/div>\n\t\t\t\t\t<\/div>\n\t\t\t\t\t\n\t\t\t\t\n\t\t\t\t<\/div>\t\t\t\t<\/div>\n\t\t\t\t<\/div>\n\t\t\t\t\t<\/div>\n\t\t<\/div>\n\t\t\t\t<div class=\"elementor-column elementor-col-25 elementor-top-column elementor-element elementor-element-2add1f0c elementor-invisible\" data-id=\"2add1f0c\" data-element_type=\"column\" data-settings=\"{&quot;animation&quot;:&quot;fadeInUp&quot;,&quot;animation_delay&quot;:200}\">\n\t\t\t<div class=\"elementor-widget-wrap elementor-element-populated\">\n\t\t\t\t\t\t<div class=\"elementor-element elementor-element-8215dab elementor-widget__width-initial elementor-widget elementor-widget-elementskit-team\" data-id=\"8215dab\" data-element_type=\"widget\" data-widget_type=\"elementskit-team.default\">\n\t\t\t\t<div class=\"elementor-widget-container\">\n\t\t\t\t\t<div class=\"ekit-wid-con\">\n\t\t\t\t\t\t\t\t\t\t\t\t\t\t\t\t\t\t\t\t\t\t\t\t<div class=\"profile-image-card elementor-animation- ekit-team-img ekit-team-style-overlay text-center\">\n\n\t\t\t\t\t\t\t\t\t\t\t\t\t<img loading=\"lazy\" decoding=\"async\" width=\"1187\" height=\"1899\" src=\"https:\/\/www.sachsen.schule\/~gsg\/wp-content\/uploads\/2025\/10\/Das_A.png\" class=\"attachment-full size-full wp-image-1132\" alt=\"\" srcset=\"https:\/\/www.sachsen.schule\/~gsg\/wp-content\/uploads\/2025\/10\/Das_A.png 1187w, https:\/\/www.sachsen.schule\/~gsg\/wp-content\/uploads\/2025\/10\/Das_A-188x300.png 188w, https:\/\/www.sachsen.schule\/~gsg\/wp-content\/uploads\/2025\/10\/Das_A-640x1024.png 640w, https:\/\/www.sachsen.schule\/~gsg\/wp-content\/uploads\/2025\/10\/Das_A-768x1229.png 768w, https:\/\/www.sachsen.schule\/~gsg\/wp-content\/uploads\/2025\/10\/Das_A-960x1536.png 960w\" sizes=\"(max-width: 1187px) 100vw, 1187px\" \/>\t\t\t\t\t\t\t\t\t\t\t\t<div class=\"hover-area\">\n\t\t\t\t\t\t\t<div class=\"profile-body\">\n\t\t\t\t\t\t\t\t<h2 class=\"profile-title\">\n\t\t\t\t\t\t\t\t\t\t\t\t\t\t\t\t\tWir haben eine Petition zu mehr Pflanzen auf dem Marktplatz gemacht. Wegen dem Klimawandel und weil es zu hei\u00df in der Stadt ist.\t\t\t\t\t\t\t\t\t\t\t\t\t\t\t\t<\/h2>\n\t\t\t\t\t\t\t\t<p class=\"profile-designation\"><\/p>\n\t\t\t\t\t\t\t\t\t\t\t\t\t\t\t<\/div>\n\t\t\t\t\t\t\t\t\t\t\t\t\t<\/div>\n\t\t\t\t\t<\/div>\n\t\t\t\t\t\n\t\t\t\t\n\t\t\t\t<\/div>\t\t\t\t<\/div>\n\t\t\t\t<\/div>\n\t\t\t\t\t<\/div>\n\t\t<\/div>\n\t\t\t\t\t<\/div>\n\t\t<\/section>\n\t\t<div class=\"elementor-element elementor-element-4bfb8b8 e-flex e-con-boxed e-con e-parent\" data-id=\"4bfb8b8\" data-element_type=\"container\">\n\t\t\t\t\t<div class=\"e-con-inner\">\n\t\t\t\t<div class=\"elementor-element elementor-element-cd29535 elementor-widget elementor-widget-heading\" data-id=\"cd29535\" data-element_type=\"widget\" data-widget_type=\"heading.default\">\n\t\t\t\t<div class=\"elementor-widget-container\">\n\t\t\t\t\t<h2 class=\"elementor-heading-title elementor-size-default\">Kontakt:<\/h2>\t\t\t\t<\/div>\n\t\t\t\t<\/div>\n\t\t\t\t\t<\/div>\n\t\t\t\t<\/div>\n\t\t<div class=\"elementor-element elementor-element-214eec5 e-flex e-con-boxed e-con e-parent\" data-id=\"214eec5\" data-element_type=\"container\">\n\t\t\t\t\t<div class=\"e-con-inner\">\n\t\t\t\t<div class=\"elementor-element elementor-element-9632e96 elementor-widget elementor-widget-text-editor\" data-id=\"9632e96\" data-element_type=\"widget\" data-widget_type=\"text-editor.default\">\n\t\t\t\t<div class=\"elementor-widget-container\">\n\t\t\t\t\t\t\t\t\t<p>kipa@gsg.lernsax.de<\/p>\t\t\t\t\t\t\t\t<\/div>\n\t\t\t\t<\/div>\n\t\t\t\t\t<\/div>\n\t\t\t\t<\/div>\n\t\t\t\t<\/div>\n\t\t","protected":false},"excerpt":{"rendered":"<p>Was bedeutet KiPa? KiPa hei\u00dft Kinderparlament. Ki f\u00fcr Kinder und Pa f\u00fcr Parlament. Was ist das KiPa? Also jedes Jahr nach den Winterferien wird eine Wahl an unserer Schule veranstaltet. Man kann sich zur Wahl stellen, dann werden die Besten genommen. Wenn man genommen wurde, dann spricht man \u00fcber die Probleme, die die Kinder aus [&hellip;]<\/p>\n","protected":false},"author":3,"featured_media":0,"parent":0,"menu_order":0,"comment_status":"closed","ping_status":"closed","template":"","meta":{"footnotes":""},"class_list":["post-1129","page","type-page","status-publish","hentry"],"_links":{"self":[{"href":"https:\/\/www.sachsen.schule\/~gsg\/wp-json\/wp\/v2\/pages\/1129","targetHints":{"allow":["GET"]}}],"collection":[{"href":"https:\/\/www.sachsen.schule\/~gsg\/wp-json\/wp\/v2\/pages"}],"about":[{"href":"https:\/\/www.sachsen.schule\/~gsg\/wp-json\/wp\/v2\/types\/page"}],"author":[{"embeddable":true,"href":"https:\/\/www.sachsen.schule\/~gsg\/wp-json\/wp\/v2\/users\/3"}],"replies":[{"embeddable":true,"href":"https:\/\/www.sachsen.schule\/~gsg\/wp-json\/wp\/v2\/comments?post=1129"}],"version-history":[{"count":17,"href":"https:\/\/www.sachsen.schule\/~gsg\/wp-json\/wp\/v2\/pages\/1129\/revisions"}],"predecessor-version":[{"id":1228,"href":"https:\/\/www.sachsen.schule\/~gsg\/wp-json\/wp\/v2\/pages\/1129\/revisions\/1228"}],"wp:attachment":[{"href":"https:\/\/www.sachsen.schule\/~gsg\/wp-json\/wp\/v2\/media?parent=1129"}],"curies":[{"name":"wp","href":"https:\/\/api.w.org\/{rel}","templated":true}]}}